{"id":18,"date":"2016-02-25T17:15:28","date_gmt":"2016-02-25T16:15:28","guid":{"rendered":"https:\/\/www.interimsearch.com\/.preview.binero.se\/\/?page_id=18"},"modified":"2025-11-27T11:49:40","modified_gmt":"2025-11-27T10:49:40","slug":"insikter","status":"publish","type":"page","link":"https:\/\/www.interimsearch.com\/nb\/insikter\/","title":{"rendered":"Innsikt"},"content":{"rendered":"<style>\n    :root {\n        --desktop-bg: url(https:\/\/www.interimsearch.com\/wp-content\/uploads\/2025\/02\/intehem-187-Forbattrat-BR.jpg);\n        --mobile-bg: url(https:\/\/www.interimsearch.com\/wp-content\/uploads\/2025\/02\/intehem-187-Forbattrat-BR.jpg);\n        --phone-bg: url(https:\/\/www.interimsearch.com\/wp-content\/uploads\/2025\/02\/intehem-187-Forbattrat-BR.jpg);\n    }\n\t\n\t\t\n\tsection.block.hero .container .content {\n\t\tpadding-top: 100px;\n\t}\n\t\n\tsection.block.hero .inner {\n\t\talign-items: flex-start;\n\t\tmin-height: 700px;\n\t}\n\n    <\/style>\n\n<section id=\"hero-block_663cd878ef5576b1be35e1f397fbef32\" class=\"block hero  alignfull margin-bottom_block_margin--small  hero--small has-breadcrumbs\">\n    <div class=\"inner has-background has-shadow\" style=\"background-image: url(https:\/\/www.interimsearch.com\/wp-content\/uploads\/2025\/02\/intehem-187-Forbattrat-BR.jpg);\">\n        <div class=\"container\" style=\"\">\n            <div class=\"content\">\n                                    <h1>Innsikt<\/h1>\n                                                    <p>Ledarskap, Interim Management och n\u00e4ringslivet: v\u00e5ra senaste insikter<\/p>\n                                                                            <\/div>\n\n                    <\/div>\n\t\t              <\/div>\n    <div id=\"breadcrumbs\"><span><span><a href=\"https:\/\/www.interimsearch.com\/nb\/\">Hjem<\/a><\/span><\/span><\/div><\/section>\n\n<section id=\"news-block_4d1a3b316c12be4ddacb7b6cabc5ffd2\" class=\"block news  margin-bottom_block_margin--medium\">\n\t<div class=\"container_grid\">\n\t\t<div class=\"row_grid\">\n\t\t\t\t\t<\/div>\n\t\t\t\t\t<div class=\"row_grid news__list\">\t\n\t\t\t\t\t\t\t\t\t<div class=\"row__col row__col--lg-4 news__list--item\">\n    <a href=\"https:\/\/www.interimsearch.com\/nb\/nyheter\/narvaron-som-gor-skillnad-ledarskap-bortom-storstaden\/\">\n        <div class=\"image\">\n            <img loading=\"lazy\" decoding=\"async\" width=\"2048\" height=\"1358\" src=\"https:\/\/www.interimsearch.com\/wp-content\/uploads\/2026\/04\/487406572_1401547307765999_5388389653823993978_n.jpg\" class=\"attachment-full size-full\" alt=\"\" srcset=\"https:\/\/www.interimsearch.com\/wp-content\/uploads\/2026\/04\/487406572_1401547307765999_5388389653823993978_n.jpg 2048w, https:\/\/www.interimsearch.com\/wp-content\/uploads\/2026\/04\/487406572_1401547307765999_5388389653823993978_n-300x199.jpg 300w, https:\/\/www.interimsearch.com\/wp-content\/uploads\/2026\/04\/487406572_1401547307765999_5388389653823993978_n-1024x679.jpg 1024w, https:\/\/www.interimsearch.com\/wp-content\/uploads\/2026\/04\/487406572_1401547307765999_5388389653823993978_n-768x509.jpg 768w, https:\/\/www.interimsearch.com\/wp-content\/uploads\/2026\/04\/487406572_1401547307765999_5388389653823993978_n-1536x1019.jpg 1536w, https:\/\/www.interimsearch.com\/wp-content\/uploads\/2026\/04\/487406572_1401547307765999_5388389653823993978_n-18x12.jpg 18w, https:\/\/www.interimsearch.com\/wp-content\/uploads\/2026\/04\/487406572_1401547307765999_5388389653823993978_n-360x240.jpg 360w, https:\/\/www.interimsearch.com\/wp-content\/uploads\/2026\/04\/487406572_1401547307765999_5388389653823993978_n-603x400.jpg 603w\" sizes=\"auto, (max-width: 2048px) 100vw, 2048px\" \/>                    <\/div>\n        <div class=\"bottom\">\n            <div class=\"title-container\">\n                <h3 class=\"m-0\">N\u00e4rvaron som g\u00f6r skillnad: Ledarskap bortom storstaden<\/h3>\n\n                                    <span class=\"date\">2026-04-27<\/span>\n                            <\/div>\n\n                            <p>F\u00f6r Charlotte Bhiladvala har orten aldrig varit en barri\u00e4r f\u00f6r ledarskap. Med en bakgrund av pendling till storst\u00e4der som London,&#8230;<\/p>\n                    <\/div>\n    <\/a>\n<\/div>\t\t\t\t\t\t\t\t\t<div class=\"row__col row__col--lg-4 news__list--item\">\n    <a href=\"https:\/\/www.interimsearch.com\/nb\/nyheter\/framtidens-ledarskap-elin-ward\/\">\n        <div class=\"image\">\n            <img loading=\"lazy\" decoding=\"async\" width=\"1920\" height=\"1480\" src=\"https:\/\/www.interimsearch.com\/wp-content\/uploads\/2026\/04\/Bild-till-Interim-Search-e1776930066776.jpg\" class=\"attachment-full size-full\" alt=\"\" srcset=\"https:\/\/www.interimsearch.com\/wp-content\/uploads\/2026\/04\/Bild-till-Interim-Search-e1776930066776.jpg 1920w, https:\/\/www.interimsearch.com\/wp-content\/uploads\/2026\/04\/Bild-till-Interim-Search-e1776930066776-300x231.jpg 300w, https:\/\/www.interimsearch.com\/wp-content\/uploads\/2026\/04\/Bild-till-Interim-Search-e1776930066776-1024x789.jpg 1024w, https:\/\/www.interimsearch.com\/wp-content\/uploads\/2026\/04\/Bild-till-Interim-Search-e1776930066776-768x592.jpg 768w, https:\/\/www.interimsearch.com\/wp-content\/uploads\/2026\/04\/Bild-till-Interim-Search-e1776930066776-1536x1184.jpg 1536w, https:\/\/www.interimsearch.com\/wp-content\/uploads\/2026\/04\/Bild-till-Interim-Search-e1776930066776-16x12.jpg 16w, https:\/\/www.interimsearch.com\/wp-content\/uploads\/2026\/04\/Bild-till-Interim-Search-e1776930066776-519x400.jpg 519w\" sizes=\"auto, (max-width: 1920px) 100vw, 1920px\" \/>                    <\/div>\n        <div class=\"bottom\">\n            <div class=\"title-container\">\n                <h3 class=\"m-0\">Framtidens ledarskap: Elin Ward<\/h3>\n\n                                    <span class=\"date\">2026-04-23<\/span>\n                            <\/div>\n\n                            <p>Vilka krav ser du p\u00e5 interimsledares kompetens just nu? Vi befinner oss i en milj\u00f6 av exponentiell f\u00f6r\u00e4ndring. Det skapar&#8230;<\/p>\n                    <\/div>\n    <\/a>\n<\/div>\t\t\t\t\t\t\t\t\t<div class=\"row__col row__col--lg-4 news__list--item\">\n    <a href=\"https:\/\/www.interimsearch.com\/nb\/nyheter\/geografiskt-oberoende-spetskompetens-mathias-sandh-och-transformationen-i-skanninge\/\">\n        <div class=\"image\">\n            <img loading=\"lazy\" decoding=\"async\" width=\"663\" height=\"641\" src=\"https:\/\/www.interimsearch.com\/wp-content\/uploads\/2026\/04\/unnamed.jpg\" class=\"attachment-full size-full\" alt=\"\" srcset=\"https:\/\/www.interimsearch.com\/wp-content\/uploads\/2026\/04\/unnamed.jpg 663w, https:\/\/www.interimsearch.com\/wp-content\/uploads\/2026\/04\/unnamed-300x290.jpg 300w, https:\/\/www.interimsearch.com\/wp-content\/uploads\/2026\/04\/unnamed-12x12.jpg 12w, https:\/\/www.interimsearch.com\/wp-content\/uploads\/2026\/04\/unnamed-414x400.jpg 414w\" sizes=\"auto, (max-width: 663px) 100vw, 663px\" \/>                    <\/div>\n        <div class=\"bottom\">\n            <div class=\"title-container\">\n                <h3 class=\"m-0\">Geografiskt oberoende spetskompetens: Mathias Sandh och transformationen i Sk\u00e4nninge<\/h3>\n\n                                    <span class=\"date\">2026-04-20<\/span>\n                            <\/div>\n\n                            <p>Med en bakgrund fr\u00e5n tunga ledningsroller i b\u00e5de Sverige och utomlands, valde Mathias att acceptera uppdraget som Interim CFO hos&#8230;<\/p>\n                    <\/div>\n    <\/a>\n<\/div>\t\t\t\t\t\t\t\t\t<div class=\"row__col row__col--lg-4 news__list--item\">\n    <a href=\"https:\/\/www.interimsearch.com\/nb\/nyheter\/framtidens-ledarskap-anette-mattsson\/\">\n        <div class=\"image\">\n            <img loading=\"lazy\" decoding=\"async\" width=\"1599\" height=\"1323\" src=\"https:\/\/www.interimsearch.com\/wp-content\/uploads\/2026\/04\/Anette-e1776322349141.jpg\" class=\"attachment-full size-full\" alt=\"\" srcset=\"https:\/\/www.interimsearch.com\/wp-content\/uploads\/2026\/04\/Anette-e1776322349141.jpg 1599w, https:\/\/www.interimsearch.com\/wp-content\/uploads\/2026\/04\/Anette-e1776322349141-300x248.jpg 300w, https:\/\/www.interimsearch.com\/wp-content\/uploads\/2026\/04\/Anette-e1776322349141-1024x847.jpg 1024w, https:\/\/www.interimsearch.com\/wp-content\/uploads\/2026\/04\/Anette-e1776322349141-768x635.jpg 768w, https:\/\/www.interimsearch.com\/wp-content\/uploads\/2026\/04\/Anette-e1776322349141-1536x1271.jpg 1536w, https:\/\/www.interimsearch.com\/wp-content\/uploads\/2026\/04\/Anette-e1776322349141-15x12.jpg 15w, https:\/\/www.interimsearch.com\/wp-content\/uploads\/2026\/04\/Anette-e1776322349141-483x400.jpg 483w\" sizes=\"auto, (max-width: 1599px) 100vw, 1599px\" \/>                    <\/div>\n        <div class=\"bottom\">\n            <div class=\"title-container\">\n                <h3 class=\"m-0\">Framtidens ledarskap: Anette Mattsson<\/h3>\n\n                                    <span class=\"date\">2026-04-16<\/span>\n                            <\/div>\n\n                            <p>Vilka krav ser du p\u00e5 interimsledares kompetens just nu? Det r\u00e4cker inte l\u00e4ngre att vara expert inom sitt sakomr\u00e5de. Idag&#8230;<\/p>\n                    <\/div>\n    <\/a>\n<\/div>\t\t\t\t\t\t\t\t\t<div class=\"row__col row__col--lg-4 news__list--item\">\n    <a href=\"https:\/\/www.interimsearch.com\/nb\/nyheter\/case-study-fredrik-ostman-om-operativ-styrning-i-norge\/\">\n        <div class=\"image\">\n            <img loading=\"lazy\" decoding=\"async\" width=\"1733\" height=\"1493\" src=\"https:\/\/www.interimsearch.com\/wp-content\/uploads\/2026\/03\/Pressbild-Fredrik.png\" class=\"attachment-full size-full\" alt=\"\" srcset=\"https:\/\/www.interimsearch.com\/wp-content\/uploads\/2026\/03\/Pressbild-Fredrik.png 1733w, https:\/\/www.interimsearch.com\/wp-content\/uploads\/2026\/03\/Pressbild-Fredrik-300x258.png 300w, https:\/\/www.interimsearch.com\/wp-content\/uploads\/2026\/03\/Pressbild-Fredrik-1024x882.png 1024w, https:\/\/www.interimsearch.com\/wp-content\/uploads\/2026\/03\/Pressbild-Fredrik-768x662.png 768w\" sizes=\"auto, (max-width: 1733px) 100vw, 1733px\" \/>                    <\/div>\n        <div class=\"bottom\">\n            <div class=\"title-container\">\n                <h3 class=\"m-0\">CASE STUDY: Fredrik \u00d6stman om operativ styrning i Norge<\/h3>\n\n                                    <span class=\"date\">2026-04-10<\/span>\n                            <\/div>\n\n                            <p>Att kliva in i en internationell ledarroll kr\u00e4ver f\u00f6rm\u00e5gan att snabbt bygga f\u00f6rtroende. Vi har pratat med Fredrik \u00d6stman om&#8230;<\/p>\n                    <\/div>\n    <\/a>\n<\/div>\t\t\t\t\t\t\t\t\t<div class=\"row__col row__col--lg-4 news__list--item\">\n    <a href=\"https:\/\/www.interimsearch.com\/nb\/nyheter\/framtidens-ledarskap-daniel-ericsson\/\">\n        <div class=\"image\">\n            <img loading=\"lazy\" decoding=\"async\" width=\"1920\" height=\"1930\" src=\"https:\/\/www.interimsearch.com\/wp-content\/uploads\/2026\/04\/Daniel-scaled-e1775721391794.jpg\" class=\"attachment-full size-full\" alt=\"\" srcset=\"https:\/\/www.interimsearch.com\/wp-content\/uploads\/2026\/04\/Daniel-scaled-e1775721391794.jpg 1920w, https:\/\/www.interimsearch.com\/wp-content\/uploads\/2026\/04\/Daniel-scaled-e1775721391794-298x300.jpg 298w, https:\/\/www.interimsearch.com\/wp-content\/uploads\/2026\/04\/Daniel-scaled-e1775721391794-1019x1024.jpg 1019w, https:\/\/www.interimsearch.com\/wp-content\/uploads\/2026\/04\/Daniel-scaled-e1775721391794-150x150.jpg 150w, https:\/\/www.interimsearch.com\/wp-content\/uploads\/2026\/04\/Daniel-scaled-e1775721391794-768x772.jpg 768w, https:\/\/www.interimsearch.com\/wp-content\/uploads\/2026\/04\/Daniel-scaled-e1775721391794-1528x1536.jpg 1528w, https:\/\/www.interimsearch.com\/wp-content\/uploads\/2026\/04\/Daniel-scaled-e1775721391794-12x12.jpg 12w, https:\/\/www.interimsearch.com\/wp-content\/uploads\/2026\/04\/Daniel-scaled-e1775721391794-50x50.jpg 50w, https:\/\/www.interimsearch.com\/wp-content\/uploads\/2026\/04\/Daniel-scaled-e1775721391794-200x200.jpg 200w, https:\/\/www.interimsearch.com\/wp-content\/uploads\/2026\/04\/Daniel-scaled-e1775721391794-398x400.jpg 398w\" sizes=\"auto, (max-width: 1920px) 100vw, 1920px\" \/>                    <\/div>\n        <div class=\"bottom\">\n            <div class=\"title-container\">\n                <h3 class=\"m-0\">Framtidens Ledarskap: Daniel Ericsson<\/h3>\n\n                                    <span class=\"date\">2026-04-09<\/span>\n                            <\/div>\n\n                            <p>Vilka nya krav ser du p\u00e5 interimsledares kompetens just nu? Jag ser ett akut behov av att st\u00e4rka den sociala&#8230;<\/p>\n                    <\/div>\n    <\/a>\n<\/div>\t\t\t\t\t\t\t\t\t<div class=\"row__col row__col--lg-4 news__list--item\">\n    <a href=\"https:\/\/www.interimsearch.com\/nb\/nyheter\/fremtidens-lederskap-mikael-augustinson\/\">\n        <div class=\"image\">\n            <img loading=\"lazy\" decoding=\"async\" width=\"2560\" height=\"1707\" src=\"https:\/\/www.interimsearch.com\/wp-content\/uploads\/2026\/04\/Mikael-scaled.jpg\" class=\"attachment-full size-full\" alt=\"\" srcset=\"https:\/\/www.interimsearch.com\/wp-content\/uploads\/2026\/04\/Mikael-scaled.jpg 2560w, https:\/\/www.interimsearch.com\/wp-content\/uploads\/2026\/04\/Mikael-300x200.jpg 300w, https:\/\/www.interimsearch.com\/wp-content\/uploads\/2026\/04\/Mikael-1024x683.jpg 1024w, https:\/\/www.interimsearch.com\/wp-content\/uploads\/2026\/04\/Mikael-768x512.jpg 768w, https:\/\/www.interimsearch.com\/wp-content\/uploads\/2026\/04\/Mikael-1536x1024.jpg 1536w, https:\/\/www.interimsearch.com\/wp-content\/uploads\/2026\/04\/Mikael-2048x1365.jpg 2048w, https:\/\/www.interimsearch.com\/wp-content\/uploads\/2026\/04\/Mikael-18x12.jpg 18w, https:\/\/www.interimsearch.com\/wp-content\/uploads\/2026\/04\/Mikael-360x240.jpg 360w, https:\/\/www.interimsearch.com\/wp-content\/uploads\/2026\/04\/Mikael-600x400.jpg 600w\" sizes=\"auto, (max-width: 2560px) 100vw, 2560px\" \/>                    <\/div>\n        <div class=\"bottom\">\n            <div class=\"title-container\">\n                <h3 class=\"m-0\">Fremtidens lederskap: Mikael Augustinson<\/h3>\n\n                                    <span class=\"date\">2026-04-02<\/span>\n                            <\/div>\n\n                            <p>Hvilke krav ser du til interimlederes kompetanse akkurat n\u00e5? Det viktigste er \u00e5 ha et genuint helikopterperspektiv. Som interimkonsulent...<\/p>\n                    <\/div>\n    <\/a>\n<\/div>\t\t\t\t\t\t\t\t\t<div class=\"row__col row__col--lg-4 news__list--item\">\n    <a href=\"https:\/\/www.interimsearch.com\/nb\/nyheter\/forretningskritisk-ledelse-under-tidspress-bor-du-kunne-forvente-av-interimpartneren-din\/\">\n        <div class=\"image\">\n            <img loading=\"lazy\" decoding=\"async\" width=\"1405\" height=\"1104\" src=\"https:\/\/www.interimsearch.com\/wp-content\/uploads\/2026\/03\/C3A5238-e1730295820879.webp\" class=\"attachment-full size-full\" alt=\"\" srcset=\"https:\/\/www.interimsearch.com\/wp-content\/uploads\/2026\/03\/C3A5238-e1730295820879.webp 1405w, https:\/\/www.interimsearch.com\/wp-content\/uploads\/2026\/03\/C3A5238-e1730295820879-300x236.webp 300w, https:\/\/www.interimsearch.com\/wp-content\/uploads\/2026\/03\/C3A5238-e1730295820879-1024x805.webp 1024w, https:\/\/www.interimsearch.com\/wp-content\/uploads\/2026\/03\/C3A5238-e1730295820879-768x603.webp 768w, https:\/\/www.interimsearch.com\/wp-content\/uploads\/2026\/03\/C3A5238-e1730295820879-15x12.webp 15w, https:\/\/www.interimsearch.com\/wp-content\/uploads\/2026\/03\/C3A5238-e1730295820879-509x400.webp 509w\" sizes=\"auto, (max-width: 1405px) 100vw, 1405px\" \/>                    <\/div>\n        <div class=\"bottom\">\n            <div class=\"title-container\">\n                <h3 class=\"m-0\">Forretningskritisk ledelse under tidspress: Hva du b\u00f8r forvente av interimpartneren din<\/h3>\n\n                                    <span class=\"date\">2026-03-30<\/span>\n                            <\/div>\n\n                            <p>D\u00e4r interimsf\u00f6rmedling tidigare ofta vilat p\u00e5 enskilda personers n\u00e4tverk, kr\u00e4ver dagens nischade kompetensbehov en annan r\u00e4ckvidd. Att enbart v\u00e4nda sig&#8230;<\/p>\n                    <\/div>\n    <\/a>\n<\/div>\t\t\t\t\t\t\t\t\t<div class=\"row__col row__col--lg-4 news__list--item\">\n    <a href=\"https:\/\/www.interimsearch.com\/nb\/nyheter\/fremtidens-lederskap-lars-kevsjo\/\">\n        <div class=\"image\">\n            <img loading=\"lazy\" decoding=\"async\" width=\"1877\" height=\"2005\" src=\"https:\/\/www.interimsearch.com\/wp-content\/uploads\/2026\/03\/Lars-scaled-e1774512287129.jpeg\" class=\"attachment-full size-full\" alt=\"\" srcset=\"https:\/\/www.interimsearch.com\/wp-content\/uploads\/2026\/03\/Lars-scaled-e1774512287129.jpeg 1877w, https:\/\/www.interimsearch.com\/wp-content\/uploads\/2026\/03\/Lars-scaled-e1774512287129-281x300.jpeg 281w, https:\/\/www.interimsearch.com\/wp-content\/uploads\/2026\/03\/Lars-scaled-e1774512287129-959x1024.jpeg 959w, https:\/\/www.interimsearch.com\/wp-content\/uploads\/2026\/03\/Lars-scaled-e1774512287129-768x820.jpeg 768w, https:\/\/www.interimsearch.com\/wp-content\/uploads\/2026\/03\/Lars-scaled-e1774512287129-1438x1536.jpeg 1438w, https:\/\/www.interimsearch.com\/wp-content\/uploads\/2026\/03\/Lars-scaled-e1774512287129-11x12.jpeg 11w, https:\/\/www.interimsearch.com\/wp-content\/uploads\/2026\/03\/Lars-scaled-e1774512287129-374x400.jpeg 374w\" sizes=\"auto, (max-width: 1877px) 100vw, 1877px\" \/>                    <\/div>\n        <div class=\"bottom\">\n            <div class=\"title-container\">\n                <h3 class=\"m-0\">Fremtidens lederskap: Lars Kevsj\u00f6<\/h3>\n\n                                    <span class=\"date\">2026-03-26<\/span>\n                            <\/div>\n\n                            <p>Hvilke krav stiller dere i dag til interimlederes kompetanse? Kjernekompetansen - \u00e5 forst\u00e5 virksomheten raskt, prioritere riktig og ta beslutninger...<\/p>\n                    <\/div>\n    <\/a>\n<\/div>\t\t\t\t\t\t\t\t\t\n\t\t\t<\/div>\n\t\t\t\t\t\t\t<div class=\"row_grid\">\n\t\t\t\t\t<div class=\"row__col\">\n\t\t\t\t\t\t<div class=\"buttons\">\n\t\t\t\t\t\t\t<a href=\"#\" class=\"btn btn--secondary load-more\" data-page=\"2\" data-max-pages=\"31\" data-display-category=\"1\" data-display-date=\"1\">Mer<\/a>\n\t\t\t\t\t\t<\/div>\n\t\t\t\t\t<\/div>\n\t\t\t\t<\/div>\n\t\t\t\t\n\t\t\t<\/div>\n<\/section>","protected":false},"excerpt":{"rendered":"","protected":false},"author":1,"featured_media":0,"parent":0,"menu_order":119,"comment_status":"closed","ping_status":"closed","template":"tpl-awave-blocks.php","meta":{"_acf_changed":false,"footnotes":""},"class_list":["post-18","page","type-page","status-publish","hentry"],"acf":[],"yoast_head":"<!-- This site is optimized with the Yoast SEO Premium plugin v25.9 (Yoast SEO v25.9) - https:\/\/yoast.com\/wordpress\/plugins\/seo\/ -->\n<title>Insikter - Interim Search<\/title>\n<meta name=\"robots\" content=\"index, follow, max-snippet:-1, max-image-preview:large, max-video-preview:-1\" \/>\n<link rel=\"canonical\" href=\"https:\/\/www.interimsearch.com\/nb\/insikter\/\" \/>\n<meta property=\"og:locale\" content=\"nb_NO\" \/>\n<meta property=\"og:type\" content=\"article\" \/>\n<meta property=\"og:title\" content=\"Insikter\" \/>\n<meta property=\"og:url\" content=\"https:\/\/www.interimsearch.com\/nb\/insikter\/\" \/>\n<meta property=\"og:site_name\" content=\"Interim Search\" \/>\n<meta property=\"article:modified_time\" content=\"2025-11-27T10:49:40+00:00\" \/>\n<meta property=\"og:image\" content=\"https:\/\/www.interimsearch.com\/wp-content\/uploads\/2025\/07\/Social-image.jpg\" \/>\n\t<meta property=\"og:image:width\" content=\"1200\" \/>\n\t<meta property=\"og:image:height\" content=\"630\" \/>\n\t<meta property=\"og:image:type\" content=\"image\/jpeg\" \/>\n<meta name=\"twitter:card\" content=\"summary_large_image\" \/>\n<script type=\"application\/ld+json\" class=\"yoast-schema-graph\">{\"@context\":\"https:\/\/schema.org\",\"@graph\":[{\"@type\":\"WebPage\",\"@id\":\"https:\/\/www.interimsearch.com\/insikter\/\",\"url\":\"https:\/\/www.interimsearch.com\/insikter\/\",\"name\":\"Insikter - Interim Search\",\"isPartOf\":{\"@id\":\"https:\/\/www.interimsearch.com\/#website\"},\"datePublished\":\"2016-02-25T16:15:28+00:00\",\"dateModified\":\"2025-11-27T10:49:40+00:00\",\"breadcrumb\":{\"@id\":\"https:\/\/www.interimsearch.com\/insikter\/#breadcrumb\"},\"inLanguage\":\"nb-NO\",\"potentialAction\":[{\"@type\":\"ReadAction\",\"target\":[\"https:\/\/www.interimsearch.com\/insikter\/\"]}]},{\"@type\":\"BreadcrumbList\",\"@id\":\"https:\/\/www.interimsearch.com\/insikter\/#breadcrumb\",\"itemListElement\":[{\"@type\":\"ListItem\",\"position\":1,\"name\":\"Hem\",\"item\":\"https:\/\/www.interimsearch.com\/\"},{\"@type\":\"ListItem\",\"position\":2,\"name\":\"Insikter\"}]},{\"@type\":\"WebSite\",\"@id\":\"https:\/\/www.interimsearch.com\/#website\",\"url\":\"https:\/\/www.interimsearch.com\/\",\"name\":\"Interim Search\",\"description\":\"\",\"potentialAction\":[{\"@type\":\"SearchAction\",\"target\":{\"@type\":\"EntryPoint\",\"urlTemplate\":\"https:\/\/www.interimsearch.com\/?s={search_term_string}\"},\"query-input\":{\"@type\":\"PropertyValueSpecification\",\"valueRequired\":true,\"valueName\":\"search_term_string\"}}],\"inLanguage\":\"nb-NO\"}]}<\/script>\n<!-- \/ Yoast SEO Premium plugin. -->","yoast_head_json":{"title":"Insikter - Interim Search","robots":{"index":"index","follow":"follow","max-snippet":"max-snippet:-1","max-image-preview":"max-image-preview:large","max-video-preview":"max-video-preview:-1"},"canonical":"https:\/\/www.interimsearch.com\/nb\/insikter\/","og_locale":"nb_NO","og_type":"article","og_title":"Insikter","og_url":"https:\/\/www.interimsearch.com\/nb\/insikter\/","og_site_name":"Interim Search","article_modified_time":"2025-11-27T10:49:40+00:00","og_image":[{"width":1200,"height":630,"url":"https:\/\/www.interimsearch.com\/wp-content\/uploads\/2025\/07\/Social-image.jpg","type":"image\/jpeg"}],"twitter_card":"summary_large_image","schema":{"@context":"https:\/\/schema.org","@graph":[{"@type":"WebPage","@id":"https:\/\/www.interimsearch.com\/insikter\/","url":"https:\/\/www.interimsearch.com\/insikter\/","name":"Insikter - Interim Search","isPartOf":{"@id":"https:\/\/www.interimsearch.com\/#website"},"datePublished":"2016-02-25T16:15:28+00:00","dateModified":"2025-11-27T10:49:40+00:00","breadcrumb":{"@id":"https:\/\/www.interimsearch.com\/insikter\/#breadcrumb"},"inLanguage":"nb-NO","potentialAction":[{"@type":"ReadAction","target":["https:\/\/www.interimsearch.com\/insikter\/"]}]},{"@type":"BreadcrumbList","@id":"https:\/\/www.interimsearch.com\/insikter\/#breadcrumb","itemListElement":[{"@type":"ListItem","position":1,"name":"Hem","item":"https:\/\/www.interimsearch.com\/"},{"@type":"ListItem","position":2,"name":"Insikter"}]},{"@type":"WebSite","@id":"https:\/\/www.interimsearch.com\/#website","url":"https:\/\/www.interimsearch.com\/","name":"Midlertidig s\u00f8k","description":"","potentialAction":[{"@type":"SearchAction","target":{"@type":"EntryPoint","urlTemplate":"https:\/\/www.interimsearch.com\/?s={search_term_string}"},"query-input":{"@type":"PropertyValueSpecification","valueRequired":true,"valueName":"search_term_string"}}],"inLanguage":"nb-NO"}]}},"_links":{"self":[{"href":"https:\/\/www.interimsearch.com\/nb\/wp-json\/wp\/v2\/pages\/18","targetHints":{"allow":["GET"]}}],"collection":[{"href":"https:\/\/www.interimsearch.com\/nb\/wp-json\/wp\/v2\/pages"}],"about":[{"href":"https:\/\/www.interimsearch.com\/nb\/wp-json\/wp\/v2\/types\/page"}],"author":[{"embeddable":true,"href":"https:\/\/www.interimsearch.com\/nb\/wp-json\/wp\/v2\/users\/1"}],"replies":[{"embeddable":true,"href":"https:\/\/www.interimsearch.com\/nb\/wp-json\/wp\/v2\/comments?post=18"}],"version-history":[{"count":2,"href":"https:\/\/www.interimsearch.com\/nb\/wp-json\/wp\/v2\/pages\/18\/revisions"}],"predecessor-version":[{"id":74828,"href":"https:\/\/www.interimsearch.com\/nb\/wp-json\/wp\/v2\/pages\/18\/revisions\/74828"}],"wp:attachment":[{"href":"https:\/\/www.interimsearch.com\/nb\/wp-json\/wp\/v2\/media?parent=18"}],"curies":[{"name":"wp","href":"https:\/\/api.w.org\/{rel}","templated":true}]}}