{"version":"1.0","provider_name":"Midlertidig s\u00f8k","provider_url":"https:\/\/www.interimsearch.com\/nb","author_name":"Natalia Westin","author_url":"https:\/\/www.interimsearch.com\/nb\/author\/natalia-westininterimsearch-com\/","title":"Framtidens ledarskap: Rikard Karlsson","type":"rich","width":600,"height":338,"html":"<blockquote class=\"wp-embedded-content\" data-secret=\"1VNI018I43\"><a href=\"https:\/\/www.interimsearch.com\/nb\/nyheter\/framtidens-ledarskap-rikard-karlsson\/\">Framtidens ledarskap: Rikard Karlsson<\/a><\/blockquote><iframe sandbox=\"allow-scripts\" security=\"restricted\" src=\"https:\/\/www.interimsearch.com\/nb\/nyheter\/framtidens-ledarskap-rikard-karlsson\/embed\/#?secret=1VNI018I43\" width=\"600\" height=\"338\" title=\"&laquo;Framtidens ledarskap: Rikard Karlsson&raquo; &#8212; Interim Search\" data-secret=\"1VNI018I43\" frameborder=\"0\" marginwidth=\"0\" marginheight=\"0\" scrolling=\"no\" class=\"wp-embedded-content\"><\/iframe><script type=\"text\/javascript\">\n\/* <![CDATA[ *\/\n\/*! This file is auto-generated *\/\n!function(d,l){\"use strict\";l.querySelector&&d.addEventListener&&\"undefined\"!=typeof URL&&(d.wp=d.wp||{},d.wp.receiveEmbedMessage||(d.wp.receiveEmbedMessage=function(e){var t=e.data;if((t||t.secret||t.message||t.value)&&!\/[^a-zA-Z0-9]\/.test(t.secret)){for(var s,r,n,a=l.querySelectorAll('iframe[data-secret=\"'+t.secret+'\"]'),o=l.querySelectorAll('blockquote[data-secret=\"'+t.secret+'\"]'),c=new RegExp(\"^https?:$\",\"i\"),i=0;i<o.length;i++)o[i].style.display=\"none\";for(i=0;i<a.length;i++)s=a[i],e.source===s.contentWindow&&(s.removeAttribute(\"style\"),\"height\"===t.message?(1e3<(r=parseInt(t.value,10))?r=1e3:~~r<200&&(r=200),s.height=r):\"link\"===t.message&&(r=new URL(s.getAttribute(\"src\")),n=new URL(t.value),c.test(n.protocol))&&n.host===r.host&&l.activeElement===s&&(d.top.location.href=t.value))}},d.addEventListener(\"message\",d.wp.receiveEmbedMessage,!1),l.addEventListener(\"DOMContentLoaded\",function(){for(var e,t,s=l.querySelectorAll(\"iframe.wp-embedded-content\"),r=0;r<s.length;r++)(t=(e=s[r]).getAttribute(\"data-secret\"))||(t=Math.random().toString(36).substring(2,12),e.src+=\"#?secret=\"+t,e.setAttribute(\"data-secret\",t)),e.contentWindow.postMessage({message:\"ready\",secret:t},\"*\")},!1)))}(window,document);\n\/* ]]> *\/\n<\/script>","description":"Vilka krav ser du p\u00e5 interimsledares kompetens just nu? &#8220;Den mest akuta kompetensen idag \u00e4r f\u00f6rm\u00e5gan att snabbt strukturera komplexa problem. Tidigare handlade interimsuppdrag ofta om att fylla en vakans och h\u00e5lla ig\u00e5ng verksamheten, men idag f\u00f6rv\u00e4ntas vi kliva in i k\u00e4nsliga utmaningar och direkt skapa klarhet. Det kr\u00e4ver en vass analytisk f\u00f6rm\u00e5ga och en [&hellip;]","thumbnail_url":"https:\/\/www.interimsearch.com\/wp-content\/uploads\/2025\/10\/Social-image-Nyheter.jpg","thumbnail_width":1200,"thumbnail_height":630}