{"version":"1.0","provider_name":"Midlertidig s\u00f8k","provider_url":"https:\/\/www.interimsearch.com\/nb","author_name":"Fredrik Rosenborg","author_url":"https:\/\/www.interimsearch.com\/nb\/author\/fredrik-rosenborggaffla-nu\/","title":"Att skapa f\u00f6r\u00e4ndring i Mexiko \u2013 Thomas Andersson om ledarskap, kultur och l\u00e5ngsiktighet","type":"rich","width":600,"height":338,"html":"<blockquote class=\"wp-embedded-content\" data-secret=\"UZMa2g60FP\"><a href=\"https:\/\/www.interimsearch.com\/nb\/nyheter\/forandring-mexico\/\">Att skapa f\u00f6r\u00e4ndring i Mexiko \u2013 Thomas Andersson om ledarskap, kultur och l\u00e5ngsiktighet<\/a><\/blockquote><iframe sandbox=\"allow-scripts\" security=\"restricted\" src=\"https:\/\/www.interimsearch.com\/nb\/nyheter\/forandring-mexico\/embed\/#?secret=UZMa2g60FP\" width=\"600\" height=\"338\" title=\"&laquo;Att skapa f\u00f6r\u00e4ndring i Mexiko \u2013 Thomas Andersson om ledarskap, kultur och l\u00e5ngsiktighet&raquo; &#8212; Interim Search\" data-secret=\"UZMa2g60FP\" frameborder=\"0\" marginwidth=\"0\" marginheight=\"0\" scrolling=\"no\" class=\"wp-embedded-content\"><\/iframe><script type=\"text\/javascript\">\n\/* <![CDATA[ *\/\n\/*! This file is auto-generated *\/\n!function(d,l){\"use strict\";l.querySelector&&d.addEventListener&&\"undefined\"!=typeof URL&&(d.wp=d.wp||{},d.wp.receiveEmbedMessage||(d.wp.receiveEmbedMessage=function(e){var t=e.data;if((t||t.secret||t.message||t.value)&&!\/[^a-zA-Z0-9]\/.test(t.secret)){for(var s,r,n,a=l.querySelectorAll('iframe[data-secret=\"'+t.secret+'\"]'),o=l.querySelectorAll('blockquote[data-secret=\"'+t.secret+'\"]'),c=new RegExp(\"^https?:$\",\"i\"),i=0;i<o.length;i++)o[i].style.display=\"none\";for(i=0;i<a.length;i++)s=a[i],e.source===s.contentWindow&&(s.removeAttribute(\"style\"),\"height\"===t.message?(1e3<(r=parseInt(t.value,10))?r=1e3:~~r<200&&(r=200),s.height=r):\"link\"===t.message&&(r=new URL(s.getAttribute(\"src\")),n=new URL(t.value),c.test(n.protocol))&&n.host===r.host&&l.activeElement===s&&(d.top.location.href=t.value))}},d.addEventListener(\"message\",d.wp.receiveEmbedMessage,!1),l.addEventListener(\"DOMContentLoaded\",function(){for(var e,t,s=l.querySelectorAll(\"iframe.wp-embedded-content\"),r=0;r<s.length;r++)(t=(e=s[r]).getAttribute(\"data-secret\"))||(t=Math.random().toString(36).substring(2,12),e.src+=\"#?secret=\"+t,e.setAttribute(\"data-secret\",t)),e.contentWindow.postMessage({message:\"ready\",secret:t},\"*\")},!1)))}(window,document);\n\/* ]]> *\/\n<\/script>","description":"Att f\u00f6rst\u00e5 kulturen \u2013 f\u00f6rsta steget mot f\u00f6r\u00e4ndring F\u00f6r Thomas b\u00f6rjar varje internationellt uppdrag med en grundlig f\u00f6rberedelse. Han understryker att f\u00f6rst\u00e5elsen f\u00f6r den lokala kulturen \u00e4r avg\u00f6rande \u2013 inte bara f\u00f6r hur m\u00e4nniskor samarbetar, utan ocks\u00e5 f\u00f6r hur snabbt en f\u00f6r\u00e4ndring kan genomf\u00f6ras. Man m\u00e5ste ha respekt f\u00f6r traditioner och planera f\u00f6r kulturella skillnader, [&hellip;]","thumbnail_url":"https:\/\/www.interimsearch.com\/wp-content\/uploads\/2025\/10\/Social-image-Nyheter.jpg","thumbnail_width":1200,"thumbnail_height":630}